{"id":1423,"date":"2020-08-06T18:42:58","date_gmt":"2020-08-06T22:42:58","guid":{"rendered":"https:\/\/iaogi.wpengine.com\/notre-secretaire-general\/"},"modified":"2025-10-22T17:01:21","modified_gmt":"2025-10-22T21:01:21","slug":"notre-secretaire-general","status":"publish","type":"page","link":"https:\/\/iaogcan.com\/fr\/a-propos-de-nous\/notre-secretaire-general\/","title":{"rendered":"Notre Secr\u00e9taire G\u00e9n\u00e9ral"},"content":{"rendered":"<p>[et_pb_section fb_built=\u00a0\u00bb1&Prime; custom_padding_last_edited=\u00a0\u00bbon|desktop\u00a0\u00bb admin_label=\u00a0\u00bbHeader\u00a0\u00bb _builder_version=\u00a0\u00bb4.16&Prime; use_background_color_gradient=\u00a0\u00bbon\u00a0\u00bb background_color_gradient_type=\u00a0\u00bbcircular\u00a0\u00bb background_color_gradient_direction_radial=\u00a0\u00bbtop left\u00a0\u00bb background_color_gradient_stops=\u00a0\u00bbrgba(0,79,140,0.34) 0%|rgba(0,56,94,0.95) 50%\u00a0\u00bb background_color_gradient_overlays_image=\u00a0\u00bbon\u00a0\u00bb background_color_gradient_start=\u00a0\u00bbrgba(0,79,140,0.34)\u00a0\u00bb background_color_gradient_end=\u00a0\u00bbrgba(0,56,94,0.95)\u00a0\u00bb background_color_gradient_end_position=\u00a0\u00bb50%\u00a0\u00bb background_image=\u00a0\u00bbhttps:\/\/iaogcan.com\/wp-content\/uploads\/2020\/06\/funeral-home-image-44.jpg\u00a0\u00bb custom_padding=\u00a0\u00bb10vh|0|12vh||false|false\u00a0\u00bb custom_padding_tablet=\u00a0\u00bb10vh||10vh||false\u00a0\u00bb custom_padding_phone=\u00a0\u00bb5vh||5vh||false\u00a0\u00bb top_divider_style=\u00a0\u00bbwave2&Prime; top_divider_color=\u00a0\u00bbrgba(12,113,195,0.11)\u00a0\u00bb top_divider_height=\u00a0\u00bb100%\u00a0\u00bb top_divider_flip=\u00a0\u00bbhorizontal\u00a0\u00bb bottom_divider_style=\u00a0\u00bbcurve\u00a0\u00bb bottom_divider_color=\u00a0\u00bb#ffffff\u00a0\u00bb bottom_divider_height=\u00a0\u00bb3vw\u00a0\u00bb bottom_divider_flip=\u00a0\u00bbvertical\u00a0\u00bb global_colors_info=\u00a0\u00bb{}\u00a0\u00bb][et_pb_row _builder_version=\u00a0\u00bb4.16&Prime; global_colors_info=\u00a0\u00bb{}\u00a0\u00bb][et_pb_column type=\u00a0\u00bb4_4&Prime; _builder_version=\u00a0\u00bb4.16&Prime; custom_padding=\u00a0\u00bb|||\u00a0\u00bb global_colors_info=\u00a0\u00bb{}\u00a0\u00bb custom_padding__hover=\u00a0\u00bb|||\u00a0\u00bb][et_pb_text _builder_version=\u00a0\u00bb4.16&Prime; text_font=\u00a0\u00bb||||||||\u00a0\u00bb ul_font=\u00a0\u00bb||||||||\u00a0\u00bb ol_font=\u00a0\u00bb||||||||\u00a0\u00bb header_font=\u00a0\u00bbVollkorn||||||||\u00a0\u00bb header_font_size=\u00a0\u00bb84px\u00a0\u00bb header_letter_spacing=\u00a0\u00bb1px\u00a0\u00bb header_line_height=\u00a0\u00bb1.2em\u00a0\u00bb header_2_font=\u00a0\u00bbVollkorn||||||||\u00a0\u00bb header_2_font_size=\u00a0\u00bb44px\u00a0\u00bb header_2_letter_spacing=\u00a0\u00bb1px\u00a0\u00bb header_2_line_height=\u00a0\u00bb1.4em\u00a0\u00bb header_3_font=\u00a0\u00bb||||||||\u00a0\u00bb header_4_font=\u00a0\u00bb||||||||\u00a0\u00bb header_5_font=\u00a0\u00bb||||||||\u00a0\u00bb header_6_font=\u00a0\u00bb||||||||\u00a0\u00bb background_layout=\u00a0\u00bbdark\u00a0\u00bb max_width=\u00a0\u00bb1095px\u00a0\u00bb module_alignment=\u00a0\u00bbleft\u00a0\u00bb custom_margin=\u00a0\u00bb||20px|\u00a0\u00bb animation_style=\u00a0\u00bbslide\u00a0\u00bb animation_direction=\u00a0\u00bbleft\u00a0\u00bb animation_intensity_slide=\u00a0\u00bb2%\u00a0\u00bb header_font_size_tablet=\u00a0\u00bb35px\u00a0\u00bb header_font_size_phone=\u00a0\u00bb30px\u00a0\u00bb header_font_size_last_edited=\u00a0\u00bbon|desktop\u00a0\u00bb header_2_font_size_tablet=\u00a0\u00bb35px\u00a0\u00bb header_2_font_size_phone=\u00a0\u00bb30px\u00a0\u00bb header_2_font_size_last_edited=\u00a0\u00bbon|desktop\u00a0\u00bb global_colors_info=\u00a0\u00bb{}\u00a0\u00bb]<\/p>\n<h1 style=\"text-align: center;\">Notre Secr\u00e9taire G\u00e9n\u00e9ral<\/h1>\n<h2><\/h2>\n<p>[\/et_pb_text][\/et_pb_column][\/et_pb_row][\/et_pb_section][et_pb_section fb_built=\u00a0\u00bb1&Prime; _builder_version=\u00a0\u00bb4.16&Prime; global_colors_info=\u00a0\u00bb{}\u00a0\u00bb][et_pb_row _builder_version=\u00a0\u00bb4.16&Prime; global_colors_info=\u00a0\u00bb{}\u00a0\u00bb][et_pb_column type=\u00a0\u00bb4_4&Prime; _builder_version=\u00a0\u00bb4.16&Prime; global_colors_info=\u00a0\u00bb{}\u00a0\u00bb][et_pb_team_member name=\u00a0\u00bbR\u00e9v. Dave Kelsey\u00a0\u00bb position=\u00a0\u00bbSecr\u00e9taire g\u00e9n\u00e9ral \u00a0\u00bb image_url=\u00a0\u00bbhttps:\/\/iaogcan.com\/wp-content\/uploads\/2022\/06\/Rev-dave-kelsey_400x400.jpg\u00a0\u00bb _builder_version=\u00a0\u00bb4.16&Prime; global_colors_info=\u00a0\u00bb{}\u00a0\u00bb]<\/p>\n<p>Le pasteur Dave a r\u00e9cemment \u00e9t\u00e9 \u00e9lu (mai 2022) pour servir de nouveau secr\u00e9taire g\u00e9n\u00e9ral de l&rsquo;ADDII Canada. C&rsquo;est son privil\u00e8ge d&rsquo;aider \u00e0 servir et \u00e0 diriger cette fraternit\u00e9 de plus de 750 ministres\/travailleurs et plus de 400 \u00e9glises et minist\u00e8res qui font partie de notre organisation.<\/p>\n<p>Dave est pasteur de Faith Tabernacle \u00e0 London, Ontario depuis 2003. Il a travaill\u00e9 chez 3M Canada pendant 32 ans. Les derni\u00e8res ann\u00e9es de son emploi, il a supervis\u00e9 dans diff\u00e9rents d\u00e9partements. Il a \u00e9t\u00e9 pasteur bi-vocationnel pendant les 8 premi\u00e8res ann\u00e9es o\u00f9 il a \u00e9t\u00e9 pasteur jusqu&rsquo;\u00e0 ce que Dieu le lib\u00e8re \u00e0 plein temps.<\/p>\n<p>Pattie et lui ont aid\u00e9 \u00e0 servir dans de nombreux domaines de leur \u00e9glise d&rsquo;origine. Ils ont dirig\u00e9 les jeunes du Faith Tabernacle pendant plus de 18 ans. Ils ont dirig\u00e9 un camp de jeunes pour leur r\u00e9gion pendant 25 ans et l\u00e0, ils ont vu Dieu faire de grandes choses chez les jeunes qui sont venus. <\/p>\n<p>Dave a si\u00e9g\u00e9 \u00e0 l&rsquo;ex\u00e9cutif de l&rsquo;ADDIIC en tant que secr\u00e9taire r\u00e9gional pour le sud-ouest de l&rsquo;Ontario. Il est mari\u00e9 \u00e0 Pattie, et ils ont 4 enfants, 13 petits-enfants, et maintenant notre premier arri\u00e8re-petit-enfant.<\/p>\n<p>Les parents de Dave faisaient partie d&rsquo;un groupe qui avait une soif pour le r\u00e9veil. Ils ont conduit \u00e0 Detroit depuis l&rsquo;est de l&rsquo;Ontario juste pour faire partie des grandes choses que Dieu faisait dans le r\u00e9veil de la derni\u00e8re pluie. Dave est un adorateur dans l&rsquo;\u00e2me, ce qui fait partie de la surabondance du mouvement Latter Rain.<\/p>\n<p>Il a dirig\u00e9 le culte pendant de nombreuses ann\u00e9es \u00e0 Faith Tabernacle, et pour des conf\u00e9rences ou des rassemblements urbains. Il a \u00e0 c\u0153ur que Dieu bouge et que la nation du Canada soit embras\u00e9e par la gloire du Seigneur. <\/p>\n<p>[\/et_pb_team_member][\/et_pb_column][\/et_pb_row][et_pb_row _builder_version=\u00a0\u00bb4.16&Prime; global_colors_info=\u00a0\u00bb{}\u00a0\u00bb][et_pb_column type=\u00a0\u00bb4_4&Prime; _builder_version=\u00a0\u00bb4.16&Prime; global_colors_info=\u00a0\u00bb{}\u00a0\u00bb][et_pb_toggle title=\u00a0\u00bbItin\u00e9raire du r\u00e9v\u00e9rend Kelsey\u00a0\u00bb _builder_version=\u00a0\u00bb4.27.4&Prime; title_level=\u00a0\u00bbh2&Prime; title_text_align=\u00a0\u00bbcenter\u00a0\u00bb max_width=\u00a0\u00bb100%\u00a0\u00bb module_alignment=\u00a0\u00bbcenter\u00a0\u00bb global_colors_info=\u00a0\u00bb{}\u00a0\u00bb]<\/p>\n<table>\n<tbody>\n<tr>\n<td>18-20 f\u00e9vr. 2025<\/td>\n<td>Mexique &#8211; PCCNA au Mexique<\/td>\n<\/tr>\n<tr>\n<td>28 f\u00e9vr. au 1 mars 2025<\/td>\n<td>Colombie-Britannique &#8211; R\u00e9union provinciale de la C.-B.<\/td>\n<\/tr>\n<tr>\n<td>3-7 mars 2025<\/td>\n<td>West Lafayette, Ind. &#8211; Conf\u00e9rence de la Parole \u2013 \u00c9cole biblique<\/td>\n<\/tr>\n<tr>\n<td>16 mars 2025 <i>(soir)<\/i><\/td>\n<td>Chatham, ON \u2013 50<sup style=\"font-size: 0.6em; line-height: 1em;\">e<\/sup> anniversaire<\/td>\n<\/tr>\n<tr>\n<td>30 mars 2025<\/td>\n<td>Moncton, N.-B.<\/td>\n<\/tr>\n<tr>\n<td>31 mars &amp; 1 avr. 2025<\/td>\n<td>Sussex, N.-B. &#8211; Retraite des leaders confessionnels<\/td>\n<\/tr>\n<tr>\n<td>5 avr. 2025<\/td>\n<td>S.-O. Ont. R\u00e9union r\u00e9gionale<\/td>\n<\/tr>\n<tr>\n<td>12 avr. 2025<\/td>\n<td>Smith Falls, ON \u2013 R\u00e9union r\u00e9gionale de l\u2019Est de l\u2019Ont.<\/td>\n<\/tr>\n<tr>\n<td>13 avr. 2025<\/td>\n<td>\u00c0 d\u00e9terminer<\/td>\n<\/tr>\n<tr>\n<td>19 avr. 2025<\/td>\n<td>Centre de l\u2019Ont. R\u00e9union r\u00e9gionale<\/td>\n<\/tr>\n<tr>\n<td>5-8 mai 2025<\/td>\n<td>Convention nationale de l\u2019IAOG<\/td>\n<\/tr>\n<tr>\n<td>29 juin 2025<\/td>\n<td>Retraite comme pasteur de Faith Tabernacle (plus libre pour visiter)<\/td>\n<\/tr>\n<tr>\n<td>6 juill. 2025<\/td>\n<td>\u00c9glise chr\u00e9tienne Bethel \u2013 Cottam, Ont.<\/td>\n<\/tr>\n<tr>\n<td>12 juill. 2025<\/td>\n<td>Conf\u00e9rence r\u00e9gionale du Centre de l\u2019Ont. \u2013 R\u00e9v. Jeffery Newman<\/td>\n<\/tr>\n<tr>\n<td>13 juill. 2025 <i>(11 h)<\/i><\/td>\n<td>\u00c9glise Victorious Life \u2013 Toronto<\/td>\n<\/tr>\n<tr>\n<td>13 juill. 2025 <i>(14 h)<\/i><\/td>\n<td>Great Commission International Ministry<\/td>\n<\/tr>\n<tr>\n<td>27 juill. 2025<\/td>\n<td>\u00c9glise communautaire Cornerstone \u2013 Little Current (\u00eele Manitoulin)<\/td>\n<\/tr>\n<tr>\n<td>3 ao\u00fbt 2025<\/td>\n<td>Visit\u00e9 Word of Life \u2013 Blenheim, ON.<\/td>\n<\/tr>\n<tr>\n<td>6-8 ao\u00fbt 2025<\/td>\n<td>R\u00e9gion de Peterborough \u2013 visite des pasteurs<\/td>\n<\/tr>\n<tr>\n<td>10 ao\u00fbt 2025<\/td>\n<td>Visit\u00e9 Selwyn Outreach Centre \u2013 Peterborough<\/td>\n<\/tr>\n<tr>\n<td>15-16 ao\u00fbt 2025<\/td>\n<td>Conf\u00e9rence r\u00e9gionale des Maritimes \u2013 New Glasgow, N.-\u00c9.<\/td>\n<\/tr>\n<tr>\n<td>17 ao\u00fbt 2025<\/td>\n<td>Abiding in the Vine \u2013 Valley, N.-\u00c9.<\/td>\n<\/tr>\n<tr>\n<td>11-13 sept. 2025<\/td>\n<td>Conf\u00e9rence provinciale de l\u2019Ontario \u2013 London \u2013 R\u00e9v. Bill Fahrner<\/td>\n<\/tr>\n<tr>\n<td>14 sept. 2025<\/td>\n<td>Visite \u00e0 Faith Tabernacle \u2013 London<\/td>\n<\/tr>\n<tr>\n<td>18-20 sept. 2025<\/td>\n<td>Conf\u00e9rence provinciale du Qu\u00e9bec \u2013 Montr\u00e9al \u2013 R\u00e9v. Tity Dinkota<\/td>\n<\/tr>\n<tr>\n<td>21 sept. 2025<\/td>\n<td>Assembl\u00e9e chr\u00e9tienne de Pembroke &#8211; Pembroke, ON.<\/td>\n<\/tr>\n<tr>\n<td>25-26 sept. 2025<\/td>\n<td>Calgary \u2013 Conf\u00e9rence r\u00e9gionale des Prairies \u2013 R\u00e9v. David Meisner<\/td>\n<\/tr>\n<tr>\n<td>28 sept. 2025 <i>(10 h)<\/i><\/td>\n<td>Calgary Grace Assembly<\/td>\n<\/tr>\n<tr>\n<td>28 sept. 2025 <i>(14 h)<\/i><\/td>\n<td>Iglesia Pentecostes Fuente De Agua Viva &#8211; Calgary<\/td>\n<\/tr>\n<tr>\n<td>23-26 oct. 2025<\/td>\n<td>R\u00e9unions confessionnelles de l\u2019EFC \u00e0 Ottawa<\/td>\n<\/tr>\n<tr>\n<td>26 oct. 2025<\/td>\n<td>\u00c0 d\u00e9terminer (Est de l\u2019Ont.)<\/td>\n<\/tr>\n<tr>\n<td>1 nov. 2025<\/td>\n<td>\u00c9glise Beautiful \u2013 Kitchener, ON.<\/td>\n<\/tr>\n<tr>\n<td>2 nov. 2025<\/td>\n<td>\u00c9glise Faith Fellowship, Orangeville<\/td>\n<\/tr>\n<tr>\n<td>12-14 nov. 2025<\/td>\n<td>Participation \u00e0 une conf\u00e9rence \u00e0 West Lafayette, Ind. Pasteur Jeff Johns<\/td>\n<\/tr>\n<tr>\n<td>6 d\u00e9c. 2025<\/td>\n<td>Blenheim \u2013 R\u00e9union r\u00e9gionale du S.-O. de l\u2019Ont. \u2013 R\u00e9v. Bill Fahrner<\/td>\n<\/tr>\n<tr>\n<td>7 d\u00e9c. 2025<\/td>\n<td>\u00c0 d\u00e9terminer<\/td>\n<\/tr>\n<tr>\n<td>13 d\u00e9c. 2025<\/td>\n<td>Little Current \u2013 R\u00e9union r\u00e9gionale du Centre-Nord de l\u2019Ont. \u2013 R\u00e9v. Rodney Deforge<\/td>\n<\/tr>\n<tr>\n<td>14 d\u00e9c. 2025<\/td>\n<td>\u00c0 d\u00e9terminer \u2013 Centre-Nord<\/td>\n<\/tr>\n<tr>\n<td>18-19 f\u00e9vr. 2026<\/td>\n<td>PCCNA \u2013 Washington, D.C.<\/td>\n<\/tr>\n<\/tbody>\n<\/table>\n<p>[\/et_pb_toggle][\/et_pb_column][\/et_pb_row][\/et_pb_section][et_pb_section fb_built=\u00a0\u00bb1&Prime; _builder_version=\u00a0\u00bb4.27.4&Prime; background_color=\u00a0\u00bb#011a38&Prime; saved_tabs=\u00a0\u00bball\u00a0\u00bb locked=\u00a0\u00bboff\u00a0\u00bb global_colors_info=\u00a0\u00bb{}\u00a0\u00bb global_module=\u00a0\u00bb4388&Prime; theme_builder_area=\u00a0\u00bbpost_content\u00a0\u00bb][et_pb_row column_structure=\u00a0\u00bb1_4,1_4,1_4,1_4&Prime; _builder_version=\u00a0\u00bb4.16&Prime; custom_margin=\u00a0\u00bb||||false|false\u00a0\u00bb custom_padding=\u00a0\u00bb|5%||5%|false|false\u00a0\u00bb global_colors_info=\u00a0\u00bb{}\u00a0\u00bb theme_builder_area=\u00a0\u00bbpost_content\u00a0\u00bb][et_pb_column type=\u00a0\u00bb1_4&Prime; _builder_version=\u00a0\u00bb4.16&Prime; global_colors_info=\u00a0\u00bb{}\u00a0\u00bb theme_builder_area=\u00a0\u00bbpost_content\u00a0\u00bb][et_pb_divider color=\u00a0\u00bb#e1e3e8&Prime; disabled_on=\u00a0\u00bboff|off|off\u00a0\u00bb _builder_version=\u00a0\u00bb4.16&Prime; custom_margin=\u00a0\u00bb15px||15px||false|false\u00a0\u00bb global_colors_info=\u00a0\u00bb{}\u00a0\u00bb theme_builder_area=\u00a0\u00bbpost_content\u00a0\u00bb][\/et_pb_divider][et_pb_text _builder_version=\u00a0\u00bb4.27.4&Prime; link_text_color=\u00a0\u00bb#FFFFFF\u00a0\u00bb global_colors_info=\u00a0\u00bb{}\u00a0\u00bb theme_builder_area=\u00a0\u00bbpost_content\u00a0\u00bb]<\/p>\n<p><a href=\"\/fr\/a-propos-de-nous\/\">\u00c0 propos de nous<\/a><\/p>\n<p><a href=\"\/fr\/a-propos-de-nous\/ce-que-nous-croyons\/\">Ce que nous croyons<\/a><\/p>\n<p><a href=\"\/fr\/a-propos-de-nous\/notre-equipe\/\">Notre \u00e9quipe<\/a><\/p>\n<p><a href=\"\/fr\/a-propos-de-nous\/notre-secretaire-general\/\">Notre Secr\u00e9taire G\u00e9n\u00e9ral<\/a><\/p>\n<p>[\/et_pb_text][\/et_pb_column][et_pb_column type=\u00a0\u00bb1_4&Prime; _builder_version=\u00a0\u00bb4.16&Prime; global_colors_info=\u00a0\u00bb{}\u00a0\u00bb theme_builder_area=\u00a0\u00bbpost_content\u00a0\u00bb][et_pb_divider show_divider=\u00a0\u00bboff\u00a0\u00bb disabled_on=\u00a0\u00bboff|off|off\u00a0\u00bb _builder_version=\u00a0\u00bb4.16&Prime; custom_margin=\u00a0\u00bb15px||15px||false|false\u00a0\u00bb global_colors_info=\u00a0\u00bb{}\u00a0\u00bb theme_builder_area=\u00a0\u00bbpost_content\u00a0\u00bb][\/et_pb_divider][et_pb_text _builder_version=\u00a0\u00bb4.27.4&Prime; link_text_color=\u00a0\u00bb#FFFFFF\u00a0\u00bb global_colors_info=\u00a0\u00bb{}\u00a0\u00bb theme_builder_area=\u00a0\u00bbpost_content\u00a0\u00bb]<\/p>\n<p><a href=\"\/fr\/events\">\u00c9v\u00e9nements<\/a><\/p>\n<p><a href=\"\/fr\/renouvellement-de-lettre-de-creance\/\">Renouvellement d&rsquo;accr\u00e9ditation<\/a><\/p>\n<p><a href=\"\/fr\/accreditation-nouveaux-candidats\/\">Nouveaux candidats<\/a><\/p>\n<p><a href=\"\/fr\/ministere-de-compassion\/\">Minist\u00e8re de Compassion<\/a><\/p>\n<p>[\/et_pb_text][\/et_pb_column][et_pb_column type=\u00a0\u00bb1_4&Prime; _builder_version=\u00a0\u00bb4.16&Prime; global_colors_info=\u00a0\u00bb{}\u00a0\u00bb theme_builder_area=\u00a0\u00bbpost_content\u00a0\u00bb][et_pb_divider show_divider=\u00a0\u00bboff\u00a0\u00bb disabled_on=\u00a0\u00bboff|off|off\u00a0\u00bb _builder_version=\u00a0\u00bb4.16&Prime; custom_margin=\u00a0\u00bb15px||15px||false|false\u00a0\u00bb global_colors_info=\u00a0\u00bb{}\u00a0\u00bb theme_builder_area=\u00a0\u00bbpost_content\u00a0\u00bb][\/et_pb_divider][et_pb_text _builder_version=\u00a0\u00bb4.27.4&Prime; link_text_color=\u00a0\u00bb#FFFFFF\u00a0\u00bb global_colors_info=\u00a0\u00bb{}\u00a0\u00bb theme_builder_area=\u00a0\u00bbpost_content\u00a0\u00bb]<\/p>\n<p><a href=\"\/fr\/aide-a-lenseignement\/\">Aide \u00e0 l&rsquo;enseignement<\/a><\/p>\n<p><a href=\"\/fr\/prayer-warriors-unite\/\">Prayer Warriors Unite<\/a><\/p>\n<p><a href=\"\/fr\/le-manteau-canadien\/\">Le Manteau Canadien<\/a><\/p>\n<p><a href=\"\/fr\/affiliation-deglise\/\">Affiliation d&rsquo;\u00e9glise<\/a><\/p>\n<p>[\/et_pb_text][\/et_pb_column][et_pb_column type=\u00a0\u00bb1_4&Prime; _builder_version=\u00a0\u00bb4.16&Prime; _module_preset=\u00a0\u00bbdefault\u00a0\u00bb global_colors_info=\u00a0\u00bb{}\u00a0\u00bb theme_builder_area=\u00a0\u00bbpost_content\u00a0\u00bb][et_pb_divider show_divider=\u00a0\u00bboff\u00a0\u00bb disabled_on=\u00a0\u00bboff|off|off\u00a0\u00bb _builder_version=\u00a0\u00bb4.16&Prime; custom_margin=\u00a0\u00bb15px||15px||false|false\u00a0\u00bb global_colors_info=\u00a0\u00bb{}\u00a0\u00bb theme_builder_area=\u00a0\u00bbpost_content\u00a0\u00bb][\/et_pb_divider][et_pb_text _builder_version=\u00a0\u00bb4.27.4&Prime; link_text_color=\u00a0\u00bb#FFFFFF\u00a0\u00bb global_colors_info=\u00a0\u00bb{}\u00a0\u00bb theme_builder_area=\u00a0\u00bbpost_content\u00a0\u00bb]<\/p>\n<p style=\"text-align: left;\"><a href=\"\/fr\/contactez-nous\">Contactez-nous<\/a><\/p>\n<p style=\"text-align: left;\"><a href=\"\/\">English<\/a><\/p>\n<p>[\/et_pb_text][et_pb_button button_url=\u00a0\u00bbhttps:\/\/www.zeffy.com\/en-CA\/donation-form\/donations-51&Prime; url_new_window=\u00a0\u00bbon\u00a0\u00bb button_text=\u00a0\u00bbFaire un don\u00a0\u00bb button_alignment=\u00a0\u00bbleft\u00a0\u00bb _builder_version=\u00a0\u00bb4.27.4&Prime; custom_button=\u00a0\u00bbon\u00a0\u00bb button_text_size=\u00a0\u00bb12px\u00a0\u00bb button_text_color=\u00a0\u00bb#000000&Prime; button_bg_color=\u00a0\u00bb#ffd700&Prime; button_bg_use_color_gradient=\u00a0\u00bbon\u00a0\u00bb button_bg_color_gradient_direction=\u00a0\u00bb186deg\u00a0\u00bb button_bg_color_gradient_direction_radial=\u00a0\u00bbtop right\u00a0\u00bb button_bg_color_gradient_stops=\u00a0\u00bb \t#FFD700 10%|rgba(224,153,0,0.88) 90%\u00a0\u00bb button_bg_color_gradient_start=\u00a0\u00bb \t#FFD700&Prime; button_bg_color_gradient_start_position=\u00a0\u00bb10%\u00a0\u00bb button_bg_color_gradient_end=\u00a0\u00bbrgba(224,153,0,0.88)\u00a0\u00bb button_bg_color_gradient_end_position=\u00a0\u00bb90%\u00a0\u00bb button_border_width=\u00a0\u00bb0px\u00a0\u00bb button_border_color=\u00a0\u00bbrgba(0,0,0,0)\u00a0\u00bb button_border_radius=\u00a0\u00bb100px\u00a0\u00bb button_letter_spacing=\u00a0\u00bb1px\u00a0\u00bb button_font=\u00a0\u00bbLibre Franklin|600|||||||\u00a0\u00bb button_icon=\u00a0\u00bb&#xe014;||divi||400&Prime; button_icon_placement=\u00a0\u00bbleft\u00a0\u00bb button_on_hover=\u00a0\u00bboff\u00a0\u00bb background_layout=\u00a0\u00bbdark\u00a0\u00bb custom_padding=\u00a0\u00bb16px|30px|16px|45px|true|false\u00a0\u00bb button_letter_spacing_hover=\u00a0\u00bb1px\u00a0\u00bb button_bg_color_hover=\u00a0\u00bb#27d8d2&Prime; global_colors_info=\u00a0\u00bb{}\u00a0\u00bb button_text_size__hover_enabled=\u00a0\u00bboff\u00a0\u00bb button_one_text_size__hover_enabled=\u00a0\u00bboff\u00a0\u00bb button_two_text_size__hover_enabled=\u00a0\u00bboff\u00a0\u00bb button_text_color__hover_enabled=\u00a0\u00bboff\u00a0\u00bb button_one_text_color__hover_enabled=\u00a0\u00bboff\u00a0\u00bb button_two_text_color__hover_enabled=\u00a0\u00bboff\u00a0\u00bb button_border_width__hover_enabled=\u00a0\u00bboff\u00a0\u00bb button_one_border_width__hover_enabled=\u00a0\u00bboff\u00a0\u00bb button_two_border_width__hover_enabled=\u00a0\u00bboff\u00a0\u00bb button_border_color__hover_enabled=\u00a0\u00bboff\u00a0\u00bb button_one_border_color__hover_enabled=\u00a0\u00bboff\u00a0\u00bb button_two_border_color__hover_enabled=\u00a0\u00bboff\u00a0\u00bb button_border_radius__hover_enabled=\u00a0\u00bboff\u00a0\u00bb button_one_border_radius__hover_enabled=\u00a0\u00bboff\u00a0\u00bb button_two_border_radius__hover_enabled=\u00a0\u00bboff\u00a0\u00bb button_letter_spacing__hover_enabled=\u00a0\u00bbon\u00a0\u00bb button_letter_spacing__hover=\u00a0\u00bb1px\u00a0\u00bb button_one_letter_spacing__hover_enabled=\u00a0\u00bboff\u00a0\u00bb button_two_letter_spacing__hover_enabled=\u00a0\u00bboff\u00a0\u00bb button_bg_color__hover_enabled=\u00a0\u00bbon\u00a0\u00bb button_bg_color__hover=\u00a0\u00bb#27d8d2&Prime; button_one_bg_color__hover_enabled=\u00a0\u00bboff\u00a0\u00bb button_two_bg_color__hover_enabled=\u00a0\u00bboff\u00a0\u00bb theme_builder_area=\u00a0\u00bbpost_content\u00a0\u00bb][\/et_pb_button][\/et_pb_column][\/et_pb_row][\/et_pb_section]<\/p>\n","protected":false},"excerpt":{"rendered":"<p>Notre Secr\u00e9taire G\u00e9n\u00e9ral Le pasteur Dave a r\u00e9cemment \u00e9t\u00e9 \u00e9lu (mai 2022) pour servir de nouveau secr\u00e9taire g\u00e9n\u00e9ral de l&rsquo;ADDII Canada. C&rsquo;est son privil\u00e8ge d&rsquo;aider \u00e0 servir et \u00e0 diriger [&hellip;]<\/p>\n","protected":false},"author":1,"featured_media":0,"parent":1432,"menu_order":0,"comment_status":"closed","ping_status":"closed","template":"","meta":{"_et_pb_use_builder":"on","_et_pb_old_content":"","_et_gb_content_width":"","_price":"","_stock":"","_tribe_ticket_header":"","_tribe_default_ticket_provider":"","_ticket_start_date":"","_ticket_end_date":"","_tribe_ticket_show_description":"","_tribe_ticket_show_not_going":false,"_tribe_ticket_use_global_stock":"","_tribe_ticket_global_stock_level":"","_global_stock_mode":"","_global_stock_cap":"","_tribe_rsvp_for_event":"","_tribe_ticket_going_count":"","_tribe_ticket_not_going_count":"","_tribe_tickets_list":"[]","_tribe_ticket_has_attendee_info_fields":false,"footnotes":"","_tec_slr_enabled":"","_tec_slr_layout":""},"class_list":["post-1423","page","type-page","status-publish","hentry"],"ticketed":false,"_links":{"self":[{"href":"https:\/\/iaogcan.com\/fr\/wp-json\/wp\/v2\/pages\/1423","targetHints":{"allow":["GET"]}}],"collection":[{"href":"https:\/\/iaogcan.com\/fr\/wp-json\/wp\/v2\/pages"}],"about":[{"href":"https:\/\/iaogcan.com\/fr\/wp-json\/wp\/v2\/types\/page"}],"author":[{"embeddable":true,"href":"https:\/\/iaogcan.com\/fr\/wp-json\/wp\/v2\/users\/1"}],"replies":[{"embeddable":true,"href":"https:\/\/iaogcan.com\/fr\/wp-json\/wp\/v2\/comments?post=1423"}],"version-history":[{"count":0,"href":"https:\/\/iaogcan.com\/fr\/wp-json\/wp\/v2\/pages\/1423\/revisions"}],"up":[{"embeddable":true,"href":"https:\/\/iaogcan.com\/fr\/wp-json\/wp\/v2\/pages\/1432"}],"wp:attachment":[{"href":"https:\/\/iaogcan.com\/fr\/wp-json\/wp\/v2\/media?parent=1423"}],"curies":[{"name":"wp","href":"https:\/\/api.w.org\/{rel}","templated":true}]}}